{"id":1163,"date":"2019-08-31T18:09:48","date_gmt":"2019-08-31T18:09:48","guid":{"rendered":"https:\/\/www.alu-kon.hr\/ventilirane-fasade\/"},"modified":"2020-07-10T13:38:02","modified_gmt":"2020-07-10T13:38:02","slug":"hinterlueftete-fassaden","status":"publish","type":"page","link":"https:\/\/www.alu-kon.hr\/de\/hinterlueftete-fassaden\/","title":{"rendered":"HINTERL\u00dcFTETE FASSADEN"},"content":{"rendered":"\n<h1><\/h1>\n    <span><span><a href=\"https:\/\/www.alu-kon.hr\/de\/\">Startseite<\/a><\/span><\/span>\n    <h2>\u00dcber hinterl\u00fcftete Fassaden<\/h2>\n    <p>Hinterl\u00fcftete Fassaden bilden eine \u00e4sthetisch und physisch optimale Geb\u00e4udeh\u00fclle. Hinterl\u00fcftete Fassaden bestehen aus mehreren Schichten. Die erste Schicht besteht an ihrer \u00e4u\u00dferen Seite aus Fassadenpaneelen, die aus unterschiedlichen Materialien hergestellt sein k\u00f6nnen, wie z. B. Alublech, Alu-Verbundplatten (ALUCOBOND), Faserzementplatten, usw.<\/p>\n    <img decoding=\"async\" src=\"\/wp-content\/uploads\/2019\/11\/ventilirane-fasade-1.jpg\" alt=\"Ventilirane fasade\">\n    <h2>Schichten in hinterl\u00fcfteten Fassaden<\/h2>\n            <h2>1<\/h2>\n            <p>Die sichtbare Au\u00dfenschicht besteht aus Fassadenplatten, die auf die Unterkonstruktion aus Metall aufgeh\u00e4ngt (Kassetten) oder geklebt sind.<\/p>\n            <h2>2<\/h2>\n            <p>Die vorletzte Schicht, zwischen der Unterkonstruktion aus Metall und Mineralwolle, ist ein hinterl\u00fcfteter Raum. Es ist ein Raum, in dem sich keine Materialien befinden und Luft kann darin frei zirkulieren. Genau bei diesem Raum liegt die Besonderheit der hinterl\u00fcfteten Fassaden.<\/p>\n            <h2>3<\/h2>\n            <p>Die letzte Schicht besteht aus Vlies-kaschierter Mineralwolle (mit Diffusionsmembrane bedeckt), die an die Wand des Geb\u00e4udes befestigt ist.<\/p>\n        <h2>Physische Eigenschaften von hinterl\u00fcfteten Fassaden<\/h2>\n        <img decoding=\"async\" src=\"\/wp-content\/uploads\/2019\/09\/snowflake-icon.svg\" alt=\"\">\n        <p>Die physische Eigenschaften von hinterl\u00fcfteten Fassaden sind ausgezeichnet. Die hinterl\u00fcftete Schicht mit Luftstrom erm\u00f6glicht ein angenehmes Klima und eine angenehme Temperatur im Innenraum des Geb\u00e4udes zu erhalten, womit der Bedarf nach Klimatisierung und Heizung reduziert wird. In kalten Tagen wird die Luft, die durch den hinterl\u00fcfeten Raum des Geb\u00e4udes flie\u00dft, durch die W\u00e4rme des Geb\u00e4udes erhitzt. Da der W\u00e4rmeverlust des Geb\u00e4udes an die Umgebung reduziert wird, wegen weniger Luft im hinterl\u00fcfteten Raum als im ganzen Raum um das Geb\u00e4ude, wird der Energieverbrauch reduziert.<\/p>\n        <img decoding=\"async\" src=\"\/wp-content\/uploads\/2019\/09\/sun-icon.svg\" alt=\"\">\n        <p>In hei\u00dfen Tagen str\u00f6mt die Luft durch den hinterl\u00fcfteten Raum, in dem die erw\u00e4rmte Luft nach oben steigt und so ein Tiefdruckgebiet an der unteren Seite der Fassade bildet, womit der Eingang der kalten Luft, die Bel\u00fcftung und K\u00fchlung des Geb\u00e4udes erm\u00f6glicht werden. So wird der Energieverbrauch durch K\u00fchlung und Klimatisierung reduziert. In hei\u00dfen Tagen hat auch die Fassadenverkleidung gro\u00dfen Einfluss auf die Isolation. Sie absorbiert teilweise die W\u00e4rme der Sonnenstrahlen und reflektiert sie auch zum Teil. Auf diese Weise wird nur ein bestimmter Teil der gesamten W\u00e4rme der Sonnenstrahlen ausgestrahlt, womit die Menge der W\u00e4rme, die das Geb\u00e4ude erreicht, reduziert wird.<\/p>\n    <img decoding=\"async\" src=\"\/wp-content\/uploads\/2019\/12\/infografika-ventilirane-fasade.png\" alt=\"Infografika\">\n    <h2>Umgang mit Feuchtigkeit und Regentropfen<\/h2>\n    <p>1. Wassermolek\u00fcle kommen durch Diffusion aus den Innenr\u00e4umen durch W\u00e4nde zur \u00e4u\u00dferen Oberfl\u00e4che der Wand.<\/p>\n    <p>2. Wasser dringt einfach durch die Mineralwolle und kommt zum hinterl\u00fcfteten Raum wegen ihrer faserigen Struktur und dampfdurchl\u00e4ssigen, aber wasserundurchl\u00e4ssigen, Membrane.<\/p>\n    <p>3. Das Wasser wird von der Luft aufgefangen und au\u00dferhalb der Fassade gebracht.<\/p>\n        <h2>Imate pitanja? Kontaktirajte nas<\/h2>\n        <img decoding=\"async\" src=\"\/wp-content\/uploads\/2019\/08\/arrow.svg\" alt=\"Arrow\">\n        <a href=\"\/kontakt\/\">Kontaktirajte nas<\/a>\n    <h2>Vorteile der hinterl\u00fcfteten Fassaden<\/h2>\n    <p>Die meisten physischen Eigenschaften werden von den inneren Schichten gew\u00e4hrgeleistet, die nicht sichtbar sind. Der gro\u00dfe Vorteil der hinterl\u00fcfteten Fassaden liegt darin, dass die Fassadenverkleidung fast jede Form annehmen kann: wellige, rundliche, scharfe, gleichm\u00e4\u00dfige oder unregelm\u00e4\u00dfige Geometrie. \u00c4sthetisch k\u00f6nnen mit Hilfe hinterl\u00fcfteter Fassaden auch die komplexesten und anspruchsvollsten Fassaden ausgef\u00fchrt werden.<\/p>\n    <img decoding=\"async\" src=\"\/wp-content\/uploads\/2019\/08\/ventilirane-fasade-3.png\" alt=\"Ventilirane fasade\">\n    <h2>Die modernste Produktionsverarbeitungslinie<\/h2>\n    <p>Als einen komparativen Vorteil bei der Wahl des potenziellen Auftragnehmer, neben den gro\u00dfen und bekannten Kapazit\u00e4ten, m\u00f6chten wir besonders das Programm der hinterl\u00fcfteten Fassaden hervorheben, die aus Alu-Verbundplatten bestehen und f\u00fcr die wir eine der modernsten Produktionsverarbeitungslinien in Kroatien besitzen. CNC-Bearbeitungsmaschine f\u00fcrs Schneiden, Profilieren und Bohren von Platten, Perforationsmaschine und Maschine f\u00fcr die Bearbeitung der Plattenkanten.<\/p>\n    <img decoding=\"async\" src=\"\/wp-content\/uploads\/2019\/08\/logo-fade.png\" alt=\"Alukon logo\">\n","protected":false},"excerpt":{"rendered":"<p>\u00dcber hinterl\u00fcftete Fassaden Hinterl\u00fcftete Fassaden bilden eine \u00e4sthetisch und physisch optimale Geb\u00e4udeh\u00fclle. Hinterl\u00fcftete Fassaden bestehen aus mehreren Schichten. Die erste Schicht besteht an ihrer \u00e4u\u00dferen Seite aus Fassadenpaneelen, die aus unterschiedlichen Materialien hergestellt sein k\u00f6nnen, wie z. B. Alublech, Alu-Verbundplatten (ALUCOBOND), Faserzementplatten, usw. Schichten in hinterl\u00fcfteten Fassaden 1 Die sichtbare Au\u00dfenschicht besteht aus Fassadenplatten, die [&hellip;]<\/p>\n","protected":false},"author":1,"featured_media":0,"parent":0,"menu_order":0,"comment_status":"closed","ping_status":"closed","template":"","meta":{"footnotes":""},"class_list":["post-1163","page","type-page","status-publish","hentry"],"yoast_head":"<!-- This site is optimized with the Yoast SEO plugin v27.4 - https:\/\/yoast.com\/product\/yoast-seo-wordpress\/ -->\n<title>HINTERL\u00dcFTETE FASSADEN - Alu-Kon<\/title>\n<meta name=\"robots\" content=\"index, follow, max-snippet:-1, max-image-preview:large, max-video-preview:-1\" \/>\n<link rel=\"canonical\" href=\"https:\/\/www.alu-kon.hr\/de\/hinterlueftete-fassaden\/\" \/>\n<meta property=\"og:locale\" content=\"de_DE\" \/>\n<meta property=\"og:type\" content=\"article\" \/>\n<meta property=\"og:title\" content=\"HINTERL\u00dcFTETE FASSADEN - Alu-Kon\" \/>\n<meta property=\"og:description\" content=\"\u00dcber hinterl\u00fcftete Fassaden Hinterl\u00fcftete Fassaden bilden eine \u00e4sthetisch und physisch optimale Geb\u00e4udeh\u00fclle. Hinterl\u00fcftete Fassaden bestehen aus mehreren Schichten. Die erste Schicht besteht an ihrer \u00e4u\u00dferen Seite aus Fassadenpaneelen, die aus unterschiedlichen Materialien hergestellt sein k\u00f6nnen, wie z. B. Alublech, Alu-Verbundplatten (ALUCOBOND), Faserzementplatten, usw. Schichten in hinterl\u00fcfteten Fassaden 1 Die sichtbare Au\u00dfenschicht besteht aus Fassadenplatten, die [&hellip;]\" \/>\n<meta property=\"og:url\" content=\"https:\/\/www.alu-kon.hr\/de\/hinterlueftete-fassaden\/\" \/>\n<meta property=\"og:site_name\" content=\"Alu-Kon\" \/>\n<meta property=\"article:modified_time\" content=\"2020-07-10T13:38:02+00:00\" \/>\n<meta name=\"twitter:card\" content=\"summary_large_image\" \/>\n<meta name=\"twitter:label1\" content=\"Gesch\u00e4tzte Lesezeit\" \/>\n\t<meta name=\"twitter:data1\" content=\"3\u00a0Minuten\" \/>\n<script type=\"application\/ld+json\" class=\"yoast-schema-graph\">{\"@context\":\"https:\\\/\\\/schema.org\",\"@graph\":[{\"@type\":\"WebPage\",\"@id\":\"https:\\\/\\\/www.alu-kon.hr\\\/de\\\/hinterlueftete-fassaden\\\/\",\"url\":\"https:\\\/\\\/www.alu-kon.hr\\\/de\\\/hinterlueftete-fassaden\\\/\",\"name\":\"HINTERL\u00dcFTETE FASSADEN - Alu-Kon\",\"isPartOf\":{\"@id\":\"https:\\\/\\\/www.alu-kon.hr\\\/en\\\/#website\"},\"datePublished\":\"2019-08-31T18:09:48+00:00\",\"dateModified\":\"2020-07-10T13:38:02+00:00\",\"breadcrumb\":{\"@id\":\"https:\\\/\\\/www.alu-kon.hr\\\/de\\\/hinterlueftete-fassaden\\\/#breadcrumb\"},\"inLanguage\":\"de\",\"potentialAction\":[{\"@type\":\"ReadAction\",\"target\":[\"https:\\\/\\\/www.alu-kon.hr\\\/de\\\/hinterlueftete-fassaden\\\/\"]}]},{\"@type\":\"BreadcrumbList\",\"@id\":\"https:\\\/\\\/www.alu-kon.hr\\\/de\\\/hinterlueftete-fassaden\\\/#breadcrumb\",\"itemListElement\":[{\"@type\":\"ListItem\",\"position\":1,\"name\":\"Startseite\",\"item\":\"https:\\\/\\\/www.alu-kon.hr\\\/de\\\/\"},{\"@type\":\"ListItem\",\"position\":2,\"name\":\"HINTERL\u00dcFTETE FASSADEN\"}]},{\"@type\":\"WebSite\",\"@id\":\"https:\\\/\\\/www.alu-kon.hr\\\/en\\\/#website\",\"url\":\"https:\\\/\\\/www.alu-kon.hr\\\/en\\\/\",\"name\":\"Alu-Kon\",\"description\":\"Najbolja aluminijska stolarija\",\"potentialAction\":[{\"@type\":\"SearchAction\",\"target\":{\"@type\":\"EntryPoint\",\"urlTemplate\":\"https:\\\/\\\/www.alu-kon.hr\\\/en\\\/?s={search_term_string}\"},\"query-input\":{\"@type\":\"PropertyValueSpecification\",\"valueRequired\":true,\"valueName\":\"search_term_string\"}}],\"inLanguage\":\"de\"}]}<\/script>\n<!-- \/ Yoast SEO plugin. -->","yoast_head_json":{"title":"HINTERL\u00dcFTETE FASSADEN - Alu-Kon","robots":{"index":"index","follow":"follow","max-snippet":"max-snippet:-1","max-image-preview":"max-image-preview:large","max-video-preview":"max-video-preview:-1"},"canonical":"https:\/\/www.alu-kon.hr\/de\/hinterlueftete-fassaden\/","og_locale":"de_DE","og_type":"article","og_title":"HINTERL\u00dcFTETE FASSADEN - Alu-Kon","og_description":"\u00dcber hinterl\u00fcftete Fassaden Hinterl\u00fcftete Fassaden bilden eine \u00e4sthetisch und physisch optimale Geb\u00e4udeh\u00fclle. Hinterl\u00fcftete Fassaden bestehen aus mehreren Schichten. Die erste Schicht besteht an ihrer \u00e4u\u00dferen Seite aus Fassadenpaneelen, die aus unterschiedlichen Materialien hergestellt sein k\u00f6nnen, wie z. B. Alublech, Alu-Verbundplatten (ALUCOBOND), Faserzementplatten, usw. Schichten in hinterl\u00fcfteten Fassaden 1 Die sichtbare Au\u00dfenschicht besteht aus Fassadenplatten, die [&hellip;]","og_url":"https:\/\/www.alu-kon.hr\/de\/hinterlueftete-fassaden\/","og_site_name":"Alu-Kon","article_modified_time":"2020-07-10T13:38:02+00:00","twitter_card":"summary_large_image","twitter_misc":{"Gesch\u00e4tzte Lesezeit":"3\u00a0Minuten"},"schema":{"@context":"https:\/\/schema.org","@graph":[{"@type":"WebPage","@id":"https:\/\/www.alu-kon.hr\/de\/hinterlueftete-fassaden\/","url":"https:\/\/www.alu-kon.hr\/de\/hinterlueftete-fassaden\/","name":"HINTERL\u00dcFTETE FASSADEN - Alu-Kon","isPartOf":{"@id":"https:\/\/www.alu-kon.hr\/en\/#website"},"datePublished":"2019-08-31T18:09:48+00:00","dateModified":"2020-07-10T13:38:02+00:00","breadcrumb":{"@id":"https:\/\/www.alu-kon.hr\/de\/hinterlueftete-fassaden\/#breadcrumb"},"inLanguage":"de","potentialAction":[{"@type":"ReadAction","target":["https:\/\/www.alu-kon.hr\/de\/hinterlueftete-fassaden\/"]}]},{"@type":"BreadcrumbList","@id":"https:\/\/www.alu-kon.hr\/de\/hinterlueftete-fassaden\/#breadcrumb","itemListElement":[{"@type":"ListItem","position":1,"name":"Startseite","item":"https:\/\/www.alu-kon.hr\/de\/"},{"@type":"ListItem","position":2,"name":"HINTERL\u00dcFTETE FASSADEN"}]},{"@type":"WebSite","@id":"https:\/\/www.alu-kon.hr\/en\/#website","url":"https:\/\/www.alu-kon.hr\/en\/","name":"Alu-Kon","description":"Najbolja aluminijska stolarija","potentialAction":[{"@type":"SearchAction","target":{"@type":"EntryPoint","urlTemplate":"https:\/\/www.alu-kon.hr\/en\/?s={search_term_string}"},"query-input":{"@type":"PropertyValueSpecification","valueRequired":true,"valueName":"search_term_string"}}],"inLanguage":"de"}]}},"_links":{"self":[{"href":"https:\/\/www.alu-kon.hr\/de\/wp-json\/wp\/v2\/pages\/1163","targetHints":{"allow":["GET"]}}],"collection":[{"href":"https:\/\/www.alu-kon.hr\/de\/wp-json\/wp\/v2\/pages"}],"about":[{"href":"https:\/\/www.alu-kon.hr\/de\/wp-json\/wp\/v2\/types\/page"}],"author":[{"embeddable":true,"href":"https:\/\/www.alu-kon.hr\/de\/wp-json\/wp\/v2\/users\/1"}],"replies":[{"embeddable":true,"href":"https:\/\/www.alu-kon.hr\/de\/wp-json\/wp\/v2\/comments?post=1163"}],"version-history":[{"count":0,"href":"https:\/\/www.alu-kon.hr\/de\/wp-json\/wp\/v2\/pages\/1163\/revisions"}],"wp:attachment":[{"href":"https:\/\/www.alu-kon.hr\/de\/wp-json\/wp\/v2\/media?parent=1163"}],"curies":[{"name":"wp","href":"https:\/\/api.w.org\/{rel}","templated":true}]}}